{"id":10403,"date":"2022-01-14T19:19:30","date_gmt":"2022-01-15T00:19:30","guid":{"rendered":"http:\/\/nonamepublicidad.com\/?post_type=product&#038;p=10403"},"modified":"2024-12-02T08:49:27","modified_gmt":"2024-12-02T13:49:27","slug":"panera-02","status":"publish","type":"product","link":"https:\/\/nonamepublicidad.com\/en\/product\/panera-02\/","title":{"rendered":"Panera"},"content":{"rendered":"<p><img fetchpriority=\"high\" decoding=\"async\" class=\"aligncenter wp-image-10374 size-full\" src=\"http:\/\/nonamepublicidad.com\/wp-content\/uploads\/2022\/01\/asociacion_de_artesanos_anaro_01.webp\" alt=\"Asociaci\u00f3n de Artesanos Anaro\" width=\"645\" height=\"465\" srcset=\"https:\/\/nonamepublicidad.com\/wp-content\/uploads\/2022\/01\/asociacion_de_artesanos_anaro_01.webp 645w, https:\/\/nonamepublicidad.com\/wp-content\/uploads\/2022\/01\/asociacion_de_artesanos_anaro_01-600x433.webp 600w, https:\/\/nonamepublicidad.com\/wp-content\/uploads\/2022\/01\/asociacion_de_artesanos_anaro_01-640x461.webp 640w, https:\/\/nonamepublicidad.com\/wp-content\/uploads\/2022\/01\/asociacion_de_artesanos_anaro_01-400x288.webp 400w, https:\/\/nonamepublicidad.com\/wp-content\/uploads\/2022\/01\/asociacion_de_artesanos_anaro_01-500x360.webp 500w\" sizes=\"(max-width: 645px) 100vw, 645px\" \/><\/p>\n<p>&nbsp;<\/p>\n<p><strong>Trayectoria De La Asociaci\u00f3n<\/strong><\/p>\n<p>La Asociaci\u00f3n se encuentra conformada por artistas tradicionales de la comunidad de Anaro, herederas y continuadoras de conocimientos y t\u00e9cnicas ancestrales asociadas a la cester\u00eda, textiler\u00eda y bio-joyer\u00eda. Su producci\u00f3n textil consiste en prendas tradicionales como cushmas y bolsos, as\u00ed como por piezas de formato urbano y telas te\u00f1idas con tintes naturales pintadas a mano con dise\u00f1os que expresan la cosmovisi\u00f3n de su pueblo. Producen, adem\u00e1s, canastas, cestos, abanicos, sombreros y una gran diversidad de collares, pulseras y aretes elaborados con semillas locales.<\/p>\n<p>&nbsp;<\/p>\n<p><img decoding=\"async\" class=\"aligncenter wp-image-10375 size-full\" src=\"http:\/\/nonamepublicidad.com\/wp-content\/uploads\/2022\/01\/asociacion_de_artesanos_anaro_02.webp\" alt=\"Asociaci\u00f3n de Artesanos Anaro\" width=\"645\" height=\"465\" srcset=\"https:\/\/nonamepublicidad.com\/wp-content\/uploads\/2022\/01\/asociacion_de_artesanos_anaro_02.webp 645w, https:\/\/nonamepublicidad.com\/wp-content\/uploads\/2022\/01\/asociacion_de_artesanos_anaro_02-600x433.webp 600w, https:\/\/nonamepublicidad.com\/wp-content\/uploads\/2022\/01\/asociacion_de_artesanos_anaro_02-640x461.webp 640w, https:\/\/nonamepublicidad.com\/wp-content\/uploads\/2022\/01\/asociacion_de_artesanos_anaro_02-400x288.webp 400w, https:\/\/nonamepublicidad.com\/wp-content\/uploads\/2022\/01\/asociacion_de_artesanos_anaro_02-500x360.webp 500w\" sizes=\"(max-width: 645px) 100vw, 645px\" \/><\/p>\n<p>&nbsp;<\/p>\n<p>La Asociaci\u00f3n de Artesano Anaro se conform\u00f3 hace tres a\u00f1os con el objetivo de involucrar a las futuras generaciones en la promoci\u00f3n y difusi\u00f3n del arte tradicional Ash\u00e1ninka. El nombre de la asociaci\u00f3n Anaro, en lengua Ash\u00e1ninka significa \u201cfuerza del agua\u201d y corresponde tambi\u00e9n con el nombre de la comunidad de origen de sus integrantes, la Comunidad nativa de Anaro, ubicada en distrito de Kimbiri, La Convenci\u00f3n, Cusco.<\/p>\n<p>&nbsp;<\/p>\n<p><img decoding=\"async\" class=\"aligncenter wp-image-10376 size-full\" src=\"http:\/\/nonamepublicidad.com\/wp-content\/uploads\/2022\/01\/asociacion_de_artesanos_anaro_03.webp\" alt=\"Asociaci\u00f3n de Artesanos Anaro\" width=\"645\" height=\"466\" srcset=\"https:\/\/nonamepublicidad.com\/wp-content\/uploads\/2022\/01\/asociacion_de_artesanos_anaro_03.webp 645w, https:\/\/nonamepublicidad.com\/wp-content\/uploads\/2022\/01\/asociacion_de_artesanos_anaro_03-600x433.webp 600w, https:\/\/nonamepublicidad.com\/wp-content\/uploads\/2022\/01\/asociacion_de_artesanos_anaro_03-640x462.webp 640w, https:\/\/nonamepublicidad.com\/wp-content\/uploads\/2022\/01\/asociacion_de_artesanos_anaro_03-400x289.webp 400w, https:\/\/nonamepublicidad.com\/wp-content\/uploads\/2022\/01\/asociacion_de_artesanos_anaro_03-500x361.webp 500w\" sizes=\"(max-width: 645px) 100vw, 645px\" \/><\/p>\n<p>&nbsp;<\/p>\n<p>Los Ash\u00e1ninca representan el grupo ind\u00edgena u originario amaz\u00f3nico m\u00e1s numeroso del Per\u00fa. Su identidad se encuentra estrechamente relacionada con el territorio y la defensa de este. En la actualidad, las regiones donde se ubican mayoritariamente los Ash\u00e1nincas son Jun\u00edn, Ucayali, Pasco, Cusco, Hu\u00e1nuco y Ayacucho.<\/p>\n<p>&nbsp;<\/p>\n<p style=\"text-align: center;\"><iframe style=\"border: 0;\" src=\"https:\/\/www.google.com\/maps\/embed?pb=!1m14!1m8!1m3!1d31146.532385003346!2d-73.80615561029984!3d-12.627226753970259!3m2!1i1024!2i768!4f13.1!3m3!1m2!1s0x0%3A0x7cdbb80bf237b243!2sComunidad%20Nativa%20de%20Anaro!5e0!3m2!1ses-419!2sus!4v1641712901480!5m2!1ses-419!2sus\" width=\"600\" height=\"450\" allowfullscreen=\"allowfullscreen\"><\/iframe><\/p>","protected":false},"excerpt":{"rendered":"<p>Panera tejida con tonkay, fibra vegetal que se encuentra en Cusco.<\/p>\n<p>Asociaci\u00f3n de Artesanos Anaro<\/p>\n<p>La Asociaci\u00f3n re\u00fane a 20 artesanas tradicionales del pueblo Ash\u00e1ninka, residentes de la comunidad nativa de Anaro, ubicada en el distrito de Kimbiri, La Convenci\u00f3n, Cusco. La asociaci\u00f3n es heredera y continuadora de una gran diversidad de conocimientos y t\u00e9cnicas asociados a la cester\u00eda, la textiler\u00eda y la bio-joyer\u00eda. Su producci\u00f3n destaca por su \u00edntima relaci\u00f3n con el entorno natural de este pueblo, el bosque amaz\u00f3nico. As\u00ed, entre los insumos que emplean en la elaboraci\u00f3n de sus productos se encuentran cortezas de \u00e1rboles, flores, hojas, semillas y arcillas de colores, entre otros.<\/p>\n<p>La Asociaci\u00f3n de Artesanas ANARO cuenta con talleres propios que est\u00e1n ubicados en la misma comunidad nativa, que se encuentra a 5 minutos de distancia en camioneta o moto-taxi de la ciudad de Kimbiri, desde donde env\u00edan sus productos. La ruta m\u00e1s corta para llegar desde Lima a Kimbiri pasa por la ciudad de Ayacucho y toma aproximadamente 14 horas de viaje en bus.<\/p>\n<p>Direcci\u00f3n: <a href=\"https:\/\/g.page\/ComunidadAnarovraem?share\" target=\"_blank\" rel=\"noopener\">Comunidad Nativa Anaro &#8211; Kimbiri, La Convenci\u00f3n, Cusco, Per\u00fa<\/a><\/p>\n<p>Contacto: Yeny Vargas Ripia<\/p>\n<p>Facebook: <a href=\"https:\/\/www.facebook.com\/yeny.vargasripia\" target=\"_blank\" rel=\"noopener\">yeny.vargasripia<\/a><\/p>\n<p>Instagram: <a href=\"https:\/\/www.instagram.com\/yenyvargasripia\/\" target=\"_blank\" rel=\"noopener\">enyvargasripia<\/a><\/p>\n<p>Correo: <a href=\"mailto:artesaniaanaro@gmail.com\" target=\"_blank\" rel=\"noopener\">artesaniaanaro@gmail.com<\/a><\/p>\n<ul>\n<li>Colores: naturales<\/li>\n<li>Calidad: fibra vegetal<\/li>\n<li>Hecho a mano<\/li>\n<li>Dimensiones: 11 cm alto x 32 cm largo<\/li>\n<li>Imagen referencial<\/li>\n<\/ul>\n<p>Consultas al: <a href=\"tel:51960047849\">(+51) 960047849<\/a> | <a href=\"tel:51985356266\">(+51) 985356266<\/a><\/p>\n<div class=\"nta_wa_button\" data-id=\"14052\" data-info=\"{&quot;name&quot;:&quot;Asociaci\\u00f3n de Artesanos Anaro 1&quot;,&quot;info&quot;:{&quot;number&quot;:&quot;+51960047849&quot;,&quot;title&quot;:&quot;Asociaci\\u00f3n de Artesanos Anaro | Tienda&quot;,&quot;predefinedText&quot;:&quot;Hola Yeny. Me gustar\\u00eda m\\u00e1s informaci\\u00f3n de [njwa_page_title] Este es el link [njwa_page_url]&quot;,&quot;willBeBackText&quot;:&quot;I will be back in [njwa_time_work]&quot;,&quot;dayOffsText&quot;:&quot;I will be back soon&quot;,&quot;isAlwaysAvailable&quot;:&quot;ON&quot;,&quot;daysOfWeekWorking&quot;:{&quot;sunday&quot;:{&quot;isWorkingOnDay&quot;:&quot;OFF&quot;,&quot;workHours&quot;:[{&quot;startTime&quot;:&quot;08:00&quot;,&quot;endTime&quot;:&quot;17:30&quot;}]},&quot;monday&quot;:{&quot;isWorkingOnDay&quot;:&quot;OFF&quot;,&quot;workHours&quot;:[{&quot;startTime&quot;:&quot;08:00&quot;,&quot;endTime&quot;:&quot;17:30&quot;}]},&quot;tuesday&quot;:{&quot;isWorkingOnDay&quot;:&quot;OFF&quot;,&quot;workHours&quot;:[{&quot;startTime&quot;:&quot;08:00&quot;,&quot;endTime&quot;:&quot;17:30&quot;}]},&quot;wednesday&quot;:{&quot;isWorkingOnDay&quot;:&quot;OFF&quot;,&quot;workHours&quot;:[{&quot;startTime&quot;:&quot;08:00&quot;,&quot;endTime&quot;:&quot;17:30&quot;}]},&quot;thursday&quot;:{&quot;isWorkingOnDay&quot;:&quot;OFF&quot;,&quot;workHours&quot;:[{&quot;startTime&quot;:&quot;08:00&quot;,&quot;endTime&quot;:&quot;17:30&quot;}]},&quot;friday&quot;:{&quot;isWorkingOnDay&quot;:&quot;OFF&quot;,&quot;workHours&quot;:[{&quot;startTime&quot;:&quot;08:00&quot;,&quot;endTime&quot;:&quot;17:30&quot;}]},&quot;saturday&quot;:{&quot;isWorkingOnDay&quot;:&quot;OFF&quot;,&quot;workHours&quot;:[{&quot;startTime&quot;:&quot;08:00&quot;,&quot;endTime&quot;:&quot;17:30&quot;}]}}},&quot;styles&quot;:{&quot;type&quot;:&quot;round&quot;,&quot;backgroundColor&quot;:&quot;#2DB742&quot;,&quot;textColor&quot;:&quot;#fff&quot;,&quot;label&quot;:&quot;Necesitas ayuda? Hablemos&quot;,&quot;width&quot;:300,&quot;height&quot;:64},&quot;avatar&quot;:&quot;https:\\\/\\\/nonamepublicidad.com\\\/wp-content\\\/uploads\\\/2022\\\/01\\\/asociacion_de_artesanos_anaro_02.webp&quot;,&quot;options&quot;:{&quot;display&quot;:{&quot;displayCondition&quot;:&quot;showAllPage&quot;,&quot;includePages&quot;:[],&quot;excludePages&quot;:[],&quot;includePosts&quot;:[],&quot;showOnDesktop&quot;:&quot;ON&quot;,&quot;showOnMobile&quot;:&quot;ON&quot;,&quot;time_symbols&quot;:&quot;h:m&quot;},&quot;styles&quot;:{&quot;title&quot;:&quot;Start a Conversation&quot;,&quot;responseText&quot;:&quot;The team typically replies in a few minutes.&quot;,&quot;description&quot;:&quot;Hi! Click one of our member below to chat on &lt;strong&gt;WhatsApp&lt;\\\/strong&gt;&quot;,&quot;backgroundColor&quot;:&quot;#2db742&quot;,&quot;textColor&quot;:&quot;#fff&quot;,&quot;scrollHeight&quot;:500,&quot;isShowScroll&quot;:&quot;OFF&quot;,&quot;isShowResponseText&quot;:&quot;ON&quot;,&quot;isShowPoweredBy&quot;:&quot;ON&quot;,&quot;btnLabel&quot;:&quot;Need Help? &lt;strong&gt;Chat with us&lt;\\\/strong&gt;&quot;,&quot;btnLabelWidth&quot;:156,&quot;btnPosition&quot;:&quot;right&quot;,&quot;btnLeftDistance&quot;:30,&quot;btnRightDistance&quot;:30,&quot;btnBottomDistance&quot;:30,&quot;isShowBtnLabel&quot;:&quot;ON&quot;,&quot;isShowGDPR&quot;:&quot;OFF&quot;,&quot;gdprContent&quot;:&quot;Please accept our &lt;a href=\\&quot;https:\\\/\\\/ninjateam.org\\\/privacy-policy\\\/\\&quot;&gt;privacy policy&lt;\\\/a&gt; first to start a conversation.&quot;,&quot;widgetType&quot;:&quot;expandable&quot;},&quot;analytics&quot;:{&quot;enabledGoogle&quot;:&quot;OFF&quot;,&quot;enabledFacebook&quot;:&quot;OFF&quot;,&quot;enabledGoogleGA4&quot;:&quot;OFF&quot;}},&quot;gdprStatus&quot;:false,&quot;defaultAvatar&quot;:&quot;https:\\\/\\\/nonamepublicidad.com\\\/wp-content\\\/plugins\\\/whatsapp-for-wordpress\\\/assets\\\/img\\\/whatsapp_logo.svg&quot;}\"><\/div>\n<div class=\"nta_wa_button\" data-id=\"14054\" data-info=\"{&quot;name&quot;:&quot;Asociaci\\u00f3n de Artesanos Anaro 2&quot;,&quot;info&quot;:{&quot;number&quot;:&quot;+51985356266&quot;,&quot;title&quot;:&quot;Asociaci\\u00f3n de Artesanos Anaro | Tienda&quot;,&quot;predefinedText&quot;:&quot;Hola Yeny. Me gustar\\u00eda m\\u00e1s informaci\\u00f3n de [njwa_page_title] Este es el link [njwa_page_url]&quot;,&quot;willBeBackText&quot;:&quot;I will be back in [njwa_time_work]&quot;,&quot;dayOffsText&quot;:&quot;I will be back soon&quot;,&quot;isAlwaysAvailable&quot;:&quot;ON&quot;,&quot;daysOfWeekWorking&quot;:{&quot;sunday&quot;:{&quot;isWorkingOnDay&quot;:&quot;OFF&quot;,&quot;workHours&quot;:[{&quot;startTime&quot;:&quot;08:00&quot;,&quot;endTime&quot;:&quot;17:30&quot;}]},&quot;monday&quot;:{&quot;isWorkingOnDay&quot;:&quot;OFF&quot;,&quot;workHours&quot;:[{&quot;startTime&quot;:&quot;08:00&quot;,&quot;endTime&quot;:&quot;17:30&quot;}]},&quot;tuesday&quot;:{&quot;isWorkingOnDay&quot;:&quot;OFF&quot;,&quot;workHours&quot;:[{&quot;startTime&quot;:&quot;08:00&quot;,&quot;endTime&quot;:&quot;17:30&quot;}]},&quot;wednesday&quot;:{&quot;isWorkingOnDay&quot;:&quot;OFF&quot;,&quot;workHours&quot;:[{&quot;startTime&quot;:&quot;08:00&quot;,&quot;endTime&quot;:&quot;17:30&quot;}]},&quot;thursday&quot;:{&quot;isWorkingOnDay&quot;:&quot;OFF&quot;,&quot;workHours&quot;:[{&quot;startTime&quot;:&quot;08:00&quot;,&quot;endTime&quot;:&quot;17:30&quot;}]},&quot;friday&quot;:{&quot;isWorkingOnDay&quot;:&quot;OFF&quot;,&quot;workHours&quot;:[{&quot;startTime&quot;:&quot;08:00&quot;,&quot;endTime&quot;:&quot;17:30&quot;}]},&quot;saturday&quot;:{&quot;isWorkingOnDay&quot;:&quot;OFF&quot;,&quot;workHours&quot;:[{&quot;startTime&quot;:&quot;08:00&quot;,&quot;endTime&quot;:&quot;17:30&quot;}]}}},&quot;styles&quot;:{&quot;type&quot;:&quot;round&quot;,&quot;backgroundColor&quot;:&quot;#2DB742&quot;,&quot;textColor&quot;:&quot;#fff&quot;,&quot;label&quot;:&quot;Necesitas ayuda? Hablemos&quot;,&quot;width&quot;:300,&quot;height&quot;:64},&quot;avatar&quot;:&quot;https:\\\/\\\/nonamepublicidad.com\\\/wp-content\\\/uploads\\\/2022\\\/01\\\/asociacion_de_artesanos_anaro_02.webp&quot;,&quot;options&quot;:{&quot;display&quot;:{&quot;displayCondition&quot;:&quot;showAllPage&quot;,&quot;includePages&quot;:[],&quot;excludePages&quot;:[],&quot;includePosts&quot;:[],&quot;showOnDesktop&quot;:&quot;ON&quot;,&quot;showOnMobile&quot;:&quot;ON&quot;,&quot;time_symbols&quot;:&quot;h:m&quot;},&quot;styles&quot;:{&quot;title&quot;:&quot;Start a Conversation&quot;,&quot;responseText&quot;:&quot;The team typically replies in a few minutes.&quot;,&quot;description&quot;:&quot;Hi! Click one of our member below to chat on &lt;strong&gt;WhatsApp&lt;\\\/strong&gt;&quot;,&quot;backgroundColor&quot;:&quot;#2db742&quot;,&quot;textColor&quot;:&quot;#fff&quot;,&quot;scrollHeight&quot;:500,&quot;isShowScroll&quot;:&quot;OFF&quot;,&quot;isShowResponseText&quot;:&quot;ON&quot;,&quot;isShowPoweredBy&quot;:&quot;ON&quot;,&quot;btnLabel&quot;:&quot;Need Help? &lt;strong&gt;Chat with us&lt;\\\/strong&gt;&quot;,&quot;btnLabelWidth&quot;:156,&quot;btnPosition&quot;:&quot;right&quot;,&quot;btnLeftDistance&quot;:30,&quot;btnRightDistance&quot;:30,&quot;btnBottomDistance&quot;:30,&quot;isShowBtnLabel&quot;:&quot;ON&quot;,&quot;isShowGDPR&quot;:&quot;OFF&quot;,&quot;gdprContent&quot;:&quot;Please accept our &lt;a href=\\&quot;https:\\\/\\\/ninjateam.org\\\/privacy-policy\\\/\\&quot;&gt;privacy policy&lt;\\\/a&gt; first to start a conversation.&quot;,&quot;widgetType&quot;:&quot;expandable&quot;},&quot;analytics&quot;:{&quot;enabledGoogle&quot;:&quot;OFF&quot;,&quot;enabledFacebook&quot;:&quot;OFF&quot;,&quot;enabledGoogleGA4&quot;:&quot;OFF&quot;}},&quot;gdprStatus&quot;:false,&quot;defaultAvatar&quot;:&quot;https:\\\/\\\/nonamepublicidad.com\\\/wp-content\\\/plugins\\\/whatsapp-for-wordpress\\\/assets\\\/img\\\/whatsapp_logo.svg&quot;}\"><\/div>\n<div style=\"visibility: hidden;\">artesan\u00eda de cusco, hecho a mano, artesan\u00eda, artesan\u00eda peruana, panera hecha a mano, artesan\u00eda peruana tejidos, artesan\u00eda nativa, nativos artesanos, artesan\u00eda de amazonas, nativos de cusco, arte tradicional, ecol\u00f3gico, panera, paneras de mesa<\/div>\n","protected":false},"featured_media":10400,"comment_status":"open","ping_status":"closed","template":"","meta":[],"product_brand":[],"product_cat":[415,412],"product_tag":[1929,1607,1927,1921,1925,1616,1771,1606,705,1926,1928,1934,1933,1935],"class_list":{"0":"post-10403","1":"product","2":"type-product","3":"status-publish","4":"has-post-thumbnail","6":"product_cat-cocina-y-bazar","7":"product_cat-hogar-muebles-y-jardin","8":"product_tag-arte-tradicional","9":"product_tag-artesania","10":"product_tag-artesania-de-amazonas","11":"product_tag-artesania-de-cusco","12":"product_tag-artesania-nativa","13":"product_tag-artesania-peruana","14":"product_tag-artesania-peruana-tejidos","15":"product_tag-ecologico","16":"product_tag-hecho-a-mano","17":"product_tag-nativos-artesanos","18":"product_tag-nativos-de-cusco","19":"product_tag-panera","20":"product_tag-panera-hecha-a-mano","21":"product_tag-paneras-de-mesa","23":"first","24":"instock","25":"virtual","26":"taxable","27":"purchasable","28":"product-type-simple"},"_links":{"self":[{"href":"https:\/\/nonamepublicidad.com\/en\/wp-json\/wp\/v2\/product\/10403","targetHints":{"allow":["GET"]}}],"collection":[{"href":"https:\/\/nonamepublicidad.com\/en\/wp-json\/wp\/v2\/product"}],"about":[{"href":"https:\/\/nonamepublicidad.com\/en\/wp-json\/wp\/v2\/types\/product"}],"replies":[{"embeddable":true,"href":"https:\/\/nonamepublicidad.com\/en\/wp-json\/wp\/v2\/comments?post=10403"}],"version-history":[{"count":0,"href":"https:\/\/nonamepublicidad.com\/en\/wp-json\/wp\/v2\/product\/10403\/revisions"}],"wp:featuredmedia":[{"embeddable":true,"href":"https:\/\/nonamepublicidad.com\/en\/wp-json\/wp\/v2\/media\/10400"}],"wp:attachment":[{"href":"https:\/\/nonamepublicidad.com\/en\/wp-json\/wp\/v2\/media?parent=10403"}],"wp:term":[{"taxonomy":"product_brand","embeddable":true,"href":"https:\/\/nonamepublicidad.com\/en\/wp-json\/wp\/v2\/product_brand?post=10403"},{"taxonomy":"product_cat","embeddable":true,"href":"https:\/\/nonamepublicidad.com\/en\/wp-json\/wp\/v2\/product_cat?post=10403"},{"taxonomy":"product_tag","embeddable":true,"href":"https:\/\/nonamepublicidad.com\/en\/wp-json\/wp\/v2\/product_tag?post=10403"}],"curies":[{"name":"wp","href":"https:\/\/api.w.org\/{rel}","templated":true}]}}