{"id":25501,"date":"2026-04-01T15:20:45","date_gmt":"2026-04-01T20:20:45","guid":{"rendered":"https:\/\/nonamepublicidad.com\/?post_type=product&#038;p=25501"},"modified":"2026-04-05T21:59:07","modified_gmt":"2026-04-06T02:59:07","slug":"cafe-tostado-molido-a-granel-monte-karlo","status":"publish","type":"product","link":"https:\/\/nonamepublicidad.com\/en\/product\/cafe-tostado-molido-a-granel-monte-karlo\/","title":{"rendered":"Caf\u00e9 Tostado Molido a Granel Monte Karlo"},"content":{"rendered":"<p style=\"text-align: center;\"><iframe style=\"border: 0;\" src=\"https:\/\/www.google.com\/maps\/embed?pb=!1m14!1m8!1m3!1d1959.9749277002186!2d-75.27547060384374!3d-10.738348262851499!3m2!1i1024!2i768!4f13.1!3m3!1m2!1s0x91099738f2caed65%3A0xf3cb7ad7383fb1b0!2sCaf%C3%A9%20Monte%20Karlo!5e0!3m2!1ses!2sus!4v1774753310836!5m2!1ses!2sus\" width=\"600\" height=\"450\" allowfullscreen=\"allowfullscreen\"><\/iframe><\/p>\n<p>&nbsp;<\/p>\n<p>D\u00f3nde comprar granos de caf\u00e9 tostado en Per\u00fa<\/p>\n<p>Nuestros granos de caf\u00e9 tostado se lavan completamente y se secan al sol en condiciones controladas para preservar su calidad y sabor.<\/p>\n<p>Ofrecemos micro lote de variedad especial Geisha, cuidadosamente seleccionada por su perfil de sabor \u00fanico.<\/p>\n<p>Adem\u00e1s, ofrecemos macro lotes de mezclas elaboradas a partir de una combinaci\u00f3n de nuestros cultivos premium para garantizar la consistencia, un sabor equilibrado y la posibilidad de escalar la producci\u00f3n.<\/p>\n<p>&nbsp;<\/p>\n<p>Compra directamente a los agricultores<\/p>\n<p>Somos agricultores que trabajamos directamente con otros agricultores para entregar granos de caf\u00e9 tostado y molido.<\/p>\n<p>Productor: Carlos Revollar Or\u00e9<\/p>\n<p>&nbsp;<\/p>\n<p>Compre granos de caf\u00e9 tostado medio a granel a precios mayoristas desde Per\u00fa.<\/p>\n<p>&nbsp;<\/p>\n<p>Caracter\u00edsticas:<\/p>\n<p>Blend que crea una experiencia sensorial rica y equilibrada, combina la dulzura y complejidad del Catigua, la acidez y cuerpo del Castillo, con notas afrutadas y especiadas del Catua\u00ed, resultando un caf\u00e9 dulce, complejo y muy agradable para paladares que disfrutan de caf\u00e9s finos.<\/p>\n<p>Caf\u00e9 tostado de comercio justo, procedente de Per\u00fa. Sin intermediarios.<\/p>\n<p>Lavado y secado al sol.<\/p>","protected":false},"excerpt":{"rendered":"<p>Donde comprar caf\u00e9 tostado peruano al por mayor<\/p>\n<p>Caf\u00e9 ar\u00e1bica, grano catigua, grano castillo, grano catua\u00ed (tostado y molido), beneficio lavado, secado al sol, altitud desde 1400 msnm a 1500 msnm.<\/p>\n<p>Compre granos de caf\u00e9 tostado peruano. Nuestros granos de caf\u00e9 se cultivan en la regi\u00f3n cafetalera de Villa Rica &#8211; Oxapampa, zona reconocida por su altitud, microclima y suelo ideal para la producci\u00f3n de caf\u00e9 org\u00e1nico de especialidad.<\/p>\n<p>Ofrecemos una plataforma log\u00edstica para env\u00edos de muestras de granos de caf\u00e9 tostado, con env\u00edos desde Lima a cualquier pa\u00eds del mundo.<\/p>\n<p>Nuestro caf\u00e9 tostado se ofrece con un contenido de humedad controlado, envasado en sacos de yute de 65 kg. Gestionamos env\u00edos internacionales, desde peque\u00f1os vol\u00famenes (1-2 quintales) hasta cargas completas de m\u00e1s de dos contenedores de 20 pies, atendiendo a las necesidades de comerciantes y distribuidores.<\/p>\n<p>Direcci\u00f3n: <a href=\"https:\/\/maps.app.goo.gl\/FDMa5W5FBMpFurCM7\">Av. Capit\u00e1n Soto 786, Villa Rica, Pasco Per\u00fa, 19301<\/a><\/p>\n<p>Correo: <a href=\"mailto:carlosrevollar1@gmail.com\">carlosrevollar1@gmail.com<\/a><\/p>\n<p>Contacto: Christopher Revollar<\/p>\n<p>Pedidos al: <a href=\"tel:51941203813\">(+51) 941203813<\/a><\/p>\n<div class=\"nta_wa_button\" data-id=\"13293\" data-info=\"{&quot;name&quot;:&quot;Orlando (Per\\u00fa)&quot;,&quot;info&quot;:{&quot;number&quot;:&quot;+51941203813&quot;,&quot;title&quot;:&quot;Orlando&quot;,&quot;predefinedText&quot;:&quot;Hola Orlando, solicito informaci\\u00f3n de [njwa_page_title] Enlace: [njwa_page_url]&quot;,&quot;willBeBackText&quot;:&quot;I will be back in [njwa_time_work]&quot;,&quot;dayOffsText&quot;:&quot;I will be back soon&quot;,&quot;isAlwaysAvailable&quot;:&quot;ON&quot;,&quot;daysOfWeekWorking&quot;:{&quot;sunday&quot;:{&quot;isWorkingOnDay&quot;:&quot;OFF&quot;,&quot;workHours&quot;:[{&quot;startTime&quot;:&quot;08:00&quot;,&quot;endTime&quot;:&quot;17:30&quot;}]},&quot;monday&quot;:{&quot;isWorkingOnDay&quot;:&quot;OFF&quot;,&quot;workHours&quot;:[{&quot;startTime&quot;:&quot;08:00&quot;,&quot;endTime&quot;:&quot;17:30&quot;}]},&quot;tuesday&quot;:{&quot;isWorkingOnDay&quot;:&quot;OFF&quot;,&quot;workHours&quot;:[{&quot;startTime&quot;:&quot;08:00&quot;,&quot;endTime&quot;:&quot;17:30&quot;}]},&quot;wednesday&quot;:{&quot;isWorkingOnDay&quot;:&quot;OFF&quot;,&quot;workHours&quot;:[{&quot;startTime&quot;:&quot;08:00&quot;,&quot;endTime&quot;:&quot;17:30&quot;}]},&quot;thursday&quot;:{&quot;isWorkingOnDay&quot;:&quot;OFF&quot;,&quot;workHours&quot;:[{&quot;startTime&quot;:&quot;08:00&quot;,&quot;endTime&quot;:&quot;17:30&quot;}]},&quot;friday&quot;:{&quot;isWorkingOnDay&quot;:&quot;OFF&quot;,&quot;workHours&quot;:[{&quot;startTime&quot;:&quot;08:00&quot;,&quot;endTime&quot;:&quot;17:30&quot;}]},&quot;saturday&quot;:{&quot;isWorkingOnDay&quot;:&quot;OFF&quot;,&quot;workHours&quot;:[{&quot;startTime&quot;:&quot;08:00&quot;,&quot;endTime&quot;:&quot;17:30&quot;}]}}},&quot;styles&quot;:{&quot;type&quot;:&quot;round&quot;,&quot;backgroundColor&quot;:&quot;#2DB742&quot;,&quot;textColor&quot;:&quot;#fff&quot;,&quot;label&quot;:&quot;Necesitas ayuda? Hablemos \\\/ Do you need help? Let&#039;s talk&quot;,&quot;width&quot;:300,&quot;height&quot;:64},&quot;avatar&quot;:&quot;https:\\\/\\\/nonamepublicidad.com\\\/wp-content\\\/uploads\\\/2020\\\/07\\\/noname-icon_152x152.png&quot;,&quot;options&quot;:{&quot;display&quot;:{&quot;displayCondition&quot;:&quot;showAllPage&quot;,&quot;includePages&quot;:[],&quot;excludePages&quot;:[],&quot;includePosts&quot;:[],&quot;showOnDesktop&quot;:&quot;ON&quot;,&quot;showOnMobile&quot;:&quot;ON&quot;,&quot;time_symbols&quot;:&quot;h:m&quot;},&quot;styles&quot;:{&quot;title&quot;:&quot;Start a Conversation&quot;,&quot;responseText&quot;:&quot;The team typically replies in a few minutes.&quot;,&quot;description&quot;:&quot;Hi! Click one of our member below to chat on &lt;strong&gt;WhatsApp&lt;\\\/strong&gt;&quot;,&quot;backgroundColor&quot;:&quot;#2db742&quot;,&quot;textColor&quot;:&quot;#fff&quot;,&quot;scrollHeight&quot;:500,&quot;isShowScroll&quot;:&quot;OFF&quot;,&quot;isShowResponseText&quot;:&quot;ON&quot;,&quot;isShowPoweredBy&quot;:&quot;ON&quot;,&quot;btnLabel&quot;:&quot;Need Help? &lt;strong&gt;Chat with us&lt;\\\/strong&gt;&quot;,&quot;btnLabelWidth&quot;:156,&quot;btnPosition&quot;:&quot;right&quot;,&quot;btnLeftDistance&quot;:30,&quot;btnRightDistance&quot;:30,&quot;btnBottomDistance&quot;:30,&quot;isShowBtnLabel&quot;:&quot;ON&quot;,&quot;isShowGDPR&quot;:&quot;OFF&quot;,&quot;gdprContent&quot;:&quot;Please accept our &lt;a href=\\&quot;https:\\\/\\\/ninjateam.org\\\/privacy-policy\\\/\\&quot;&gt;privacy policy&lt;\\\/a&gt; first to start a conversation.&quot;,&quot;widgetType&quot;:&quot;expandable&quot;},&quot;analytics&quot;:{&quot;enabledGoogle&quot;:&quot;OFF&quot;,&quot;enabledFacebook&quot;:&quot;OFF&quot;,&quot;enabledGoogleGA4&quot;:&quot;OFF&quot;}},&quot;gdprStatus&quot;:false,&quot;defaultAvatar&quot;:&quot;https:\\\/\\\/nonamepublicidad.com\\\/wp-content\\\/plugins\\\/whatsapp-for-wordpress\\\/assets\\\/img\\\/whatsapp_logo.svg&quot;}\"><\/div>\n<div class=\"nta_wa_button\" data-id=\"25550\" data-info=\"{&quot;name&quot;:&quot;Hans (EE.UU)&quot;,&quot;info&quot;:{&quot;number&quot;:&quot;+19547780958&quot;,&quot;title&quot;:&quot;Hans&quot;,&quot;predefinedText&quot;:&quot;Hola Hans, solicito informaci\\u00f3n de [njwa_page_title] Enlace: [njwa_page_url]&quot;,&quot;willBeBackText&quot;:&quot;I will be back in [njwa_time_work]&quot;,&quot;dayOffsText&quot;:&quot;I will be back soon&quot;,&quot;isAlwaysAvailable&quot;:&quot;ON&quot;,&quot;daysOfWeekWorking&quot;:{&quot;sunday&quot;:{&quot;isWorkingOnDay&quot;:&quot;OFF&quot;,&quot;workHours&quot;:[{&quot;startTime&quot;:&quot;08:00&quot;,&quot;endTime&quot;:&quot;17:30&quot;}]},&quot;monday&quot;:{&quot;isWorkingOnDay&quot;:&quot;OFF&quot;,&quot;workHours&quot;:[{&quot;startTime&quot;:&quot;08:00&quot;,&quot;endTime&quot;:&quot;17:30&quot;}]},&quot;tuesday&quot;:{&quot;isWorkingOnDay&quot;:&quot;OFF&quot;,&quot;workHours&quot;:[{&quot;startTime&quot;:&quot;08:00&quot;,&quot;endTime&quot;:&quot;17:30&quot;}]},&quot;wednesday&quot;:{&quot;isWorkingOnDay&quot;:&quot;OFF&quot;,&quot;workHours&quot;:[{&quot;startTime&quot;:&quot;08:00&quot;,&quot;endTime&quot;:&quot;17:30&quot;}]},&quot;thursday&quot;:{&quot;isWorkingOnDay&quot;:&quot;OFF&quot;,&quot;workHours&quot;:[{&quot;startTime&quot;:&quot;08:00&quot;,&quot;endTime&quot;:&quot;17:30&quot;}]},&quot;friday&quot;:{&quot;isWorkingOnDay&quot;:&quot;OFF&quot;,&quot;workHours&quot;:[{&quot;startTime&quot;:&quot;08:00&quot;,&quot;endTime&quot;:&quot;17:30&quot;}]},&quot;saturday&quot;:{&quot;isWorkingOnDay&quot;:&quot;OFF&quot;,&quot;workHours&quot;:[{&quot;startTime&quot;:&quot;08:00&quot;,&quot;endTime&quot;:&quot;17:30&quot;}]}}},&quot;styles&quot;:{&quot;type&quot;:&quot;round&quot;,&quot;backgroundColor&quot;:&quot;#2DB742&quot;,&quot;textColor&quot;:&quot;#fff&quot;,&quot;label&quot;:&quot;Necesitas ayuda? Hablemos \\\/ Do you need help? Let&#039;s talk&quot;,&quot;width&quot;:300,&quot;height&quot;:64},&quot;avatar&quot;:&quot;https:\\\/\\\/nonamepublicidad.com\\\/wp-content\\\/uploads\\\/2026\\\/04\\\/hans_reiterer_salas.webp&quot;,&quot;options&quot;:{&quot;display&quot;:{&quot;displayCondition&quot;:&quot;showAllPage&quot;,&quot;includePages&quot;:[],&quot;excludePages&quot;:[],&quot;includePosts&quot;:[],&quot;showOnDesktop&quot;:&quot;ON&quot;,&quot;showOnMobile&quot;:&quot;ON&quot;,&quot;time_symbols&quot;:&quot;h:m&quot;},&quot;styles&quot;:{&quot;title&quot;:&quot;Start a Conversation&quot;,&quot;responseText&quot;:&quot;The team typically replies in a few minutes.&quot;,&quot;description&quot;:&quot;Hi! Click one of our member below to chat on &lt;strong&gt;WhatsApp&lt;\\\/strong&gt;&quot;,&quot;backgroundColor&quot;:&quot;#2db742&quot;,&quot;textColor&quot;:&quot;#fff&quot;,&quot;scrollHeight&quot;:500,&quot;isShowScroll&quot;:&quot;OFF&quot;,&quot;isShowResponseText&quot;:&quot;ON&quot;,&quot;isShowPoweredBy&quot;:&quot;ON&quot;,&quot;btnLabel&quot;:&quot;Need Help? &lt;strong&gt;Chat with us&lt;\\\/strong&gt;&quot;,&quot;btnLabelWidth&quot;:156,&quot;btnPosition&quot;:&quot;right&quot;,&quot;btnLeftDistance&quot;:30,&quot;btnRightDistance&quot;:30,&quot;btnBottomDistance&quot;:30,&quot;isShowBtnLabel&quot;:&quot;ON&quot;,&quot;isShowGDPR&quot;:&quot;OFF&quot;,&quot;gdprContent&quot;:&quot;Please accept our &lt;a href=\\&quot;https:\\\/\\\/ninjateam.org\\\/privacy-policy\\\/\\&quot;&gt;privacy policy&lt;\\\/a&gt; first to start a conversation.&quot;,&quot;widgetType&quot;:&quot;expandable&quot;},&quot;analytics&quot;:{&quot;enabledGoogle&quot;:&quot;OFF&quot;,&quot;enabledFacebook&quot;:&quot;OFF&quot;,&quot;enabledGoogleGA4&quot;:&quot;OFF&quot;}},&quot;gdprStatus&quot;:false,&quot;defaultAvatar&quot;:&quot;https:\\\/\\\/nonamepublicidad.com\\\/wp-content\\\/plugins\\\/whatsapp-for-wordpress\\\/assets\\\/img\\\/whatsapp_logo.svg&quot;}\"><\/div>\n","protected":false},"featured_media":25486,"comment_status":"open","ping_status":"closed","template":"","meta":[],"product_brand":[5304],"product_cat":[113,107],"product_tag":[3789,529,1022,1672,3795,3794,3793,3796,1389,1020,5305,2466,3792,3787,3790,3788,3791],"class_list":{"0":"post-25501","1":"product","2":"type-product","3":"status-publish","4":"has-post-thumbnail","6":"product_brand-cafe-monte-karlo","7":"product_cat-alimentos-y-bebidas","8":"product_cat-otras-categorias","9":"product_tag-bolsa-de-cafe","10":"product_tag-cafe","11":"product_tag-cafe-aromatico","12":"product_tag-cafe-de-especialidad","13":"product_tag-cafe-en-grano","14":"product_tag-cafe-especial","15":"product_tag-cafe-gourmet","16":"product_tag-cafe-molido","17":"product_tag-cafe-organico","18":"product_tag-cafe-peruano","19":"product_tag-cafe-tostado","20":"product_tag-coffee","21":"product_tag-marcas-de-cafe","22":"product_tag-precio-del-cafe-en-la-bolsa","23":"product_tag-precio-del-cafe-en-peru","24":"product_tag-precio-del-cafe-hoy","25":"product_tag-tipos-de-cafe-para-tomar","27":"first","28":"instock","29":"virtual","30":"taxable","31":"product-type-simple"},"_links":{"self":[{"href":"https:\/\/nonamepublicidad.com\/en\/wp-json\/wp\/v2\/product\/25501","targetHints":{"allow":["GET"]}}],"collection":[{"href":"https:\/\/nonamepublicidad.com\/en\/wp-json\/wp\/v2\/product"}],"about":[{"href":"https:\/\/nonamepublicidad.com\/en\/wp-json\/wp\/v2\/types\/product"}],"replies":[{"embeddable":true,"href":"https:\/\/nonamepublicidad.com\/en\/wp-json\/wp\/v2\/comments?post=25501"}],"version-history":[{"count":0,"href":"https:\/\/nonamepublicidad.com\/en\/wp-json\/wp\/v2\/product\/25501\/revisions"}],"wp:featuredmedia":[{"embeddable":true,"href":"https:\/\/nonamepublicidad.com\/en\/wp-json\/wp\/v2\/media\/25486"}],"wp:attachment":[{"href":"https:\/\/nonamepublicidad.com\/en\/wp-json\/wp\/v2\/media?parent=25501"}],"wp:term":[{"taxonomy":"product_brand","embeddable":true,"href":"https:\/\/nonamepublicidad.com\/en\/wp-json\/wp\/v2\/product_brand?post=25501"},{"taxonomy":"product_cat","embeddable":true,"href":"https:\/\/nonamepublicidad.com\/en\/wp-json\/wp\/v2\/product_cat?post=25501"},{"taxonomy":"product_tag","embeddable":true,"href":"https:\/\/nonamepublicidad.com\/en\/wp-json\/wp\/v2\/product_tag?post=25501"}],"curies":[{"name":"wp","href":"https:\/\/api.w.org\/{rel}","templated":true}]}}